{"id":19142,"date":"2014-08-19T21:00:03","date_gmt":"2014-08-20T01:00:03","guid":{"rendered":"https:\/\/martinluther.ca\/?page_id=19142"},"modified":"2024-02-05T16:02:54","modified_gmt":"2024-02-05T21:02:54","slug":"kalendar","status":"publish","type":"page","link":"https:\/\/martinluther.ca\/de\/kalendar\/","title":{"rendered":"Kalender"},"content":{"rendered":"<p>Wenn Sie den vollen Kalender nicht sehen k\u00f6nnen, <a href=\"https:\/\/martinluther.ca\/de\/events\/\">klicken Sie bitte hier<\/a>, um die vollst\u00e4ndige Liste der anstehenden Ereignisse anzuzeigen<\/p>\n\t\t<div class=\"em em-view-container\" id=\"em-view-914573286\" data-view=\"calendar\">\r\n\t\t\t<div class=\"em pixelbones em-calendar preview-none size-large size-fixed this-month\" data-scope=\"all\" data-preview-tooltips-trigger=\"\" id=\"em-calendar-914573286\" data-view-id=\"914573286\" data-view-type=\"calendar\" data-month=\"09\" data-year=\"2026\" data-timezone=\"\">\n\t<section class=\"em-cal-nav em-cal-nav-normal\">\n\t\t\t<div class=\"month input\">\n\t\t\t\t\t<form action=\"\" method=\"get\">\n\t\t\t\t<input type=\"month\" class=\"em-month-picker\" value=\"2026-09\" data-month-value=\"Sep. 2026\">\n\t\t\t\t<span class=\"toggle\"><\/span>\n\t\t\t<\/form>\n\t\t\t<\/div>\n\t\t\t<div class=\"month-nav input\">\n\t\t<a class=\"em-calnav em-calnav-prev\" href=\"\/de\/wp-json\/wp\/v2\/pages\/19142?mo=8&#038;yr=2026\" data-disabled=\"0\" >\n\t\t\t<svg viewBox=\"0 0 15 15\" xmlns=\"http:\/\/www.w3.org\/2000\/svg\"><path d=\"M10 14L3 7.5L10 1\" stroke=\"#555\" stroke-linecap=\"square\"><\/path><\/svg>\n\t\t<\/a>\n\t\t\t\t\t<a href=\"\" class=\"em-calnav-today button button-secondary size-large size-medium is-today\" >\n\t\t\t\tHeute\t\t\t<\/a>\n\t\t\t\t<a class=\"em-calnav em-calnav-next\" href=\"\/de\/wp-json\/wp\/v2\/pages\/19142?mo=10&#038;yr=2026\" data-disabled=\"0\" >\n\t\t\t<svg viewBox=\"0 0 15 15\" xmlns=\"http:\/\/www.w3.org\/2000\/svg\"><path d=\"M5 14L12 7.5L5 1\" stroke=\"#555\" stroke-linecap=\"square\"><\/path><\/svg>\n\t\t<\/a>\n\t<\/div>\n\t<\/section><section class=\"em-cal-head em-cal-week-days em-cal-days size-large\">\n\t\t\t<div class=\"em-cal-day em-cal-col-0\">So.<\/div>\n\t\t\t\t<div class=\"em-cal-day em-cal-col-1\">Mo.<\/div>\n\t\t\t\t<div class=\"em-cal-day em-cal-col-2\">Di.<\/div>\n\t\t\t\t<div class=\"em-cal-day em-cal-col-3\">Mi.<\/div>\n\t\t\t\t<div class=\"em-cal-day em-cal-col-4\">Do.<\/div>\n\t\t\t\t<div class=\"em-cal-day em-cal-col-5\">Fr.<\/div>\n\t\t\t\t<div class=\"em-cal-day em-cal-col-6\">Sa.<\/div>\n\t\t<\/section>\n<section class=\"em-cal-head em-cal-week-days em-cal-days size-small size-medium\">\n\t\t\t<div class=\"em-cal-day em-cal-col-0\">S<\/div>\n\t\t\t\t<div class=\"em-cal-day em-cal-col-1\">M<\/div>\n\t\t\t\t<div class=\"em-cal-day em-cal-col-2\">D<\/div>\n\t\t\t\t<div class=\"em-cal-day em-cal-col-3\">M<\/div>\n\t\t\t\t<div class=\"em-cal-day em-cal-col-4\">D<\/div>\n\t\t\t\t<div class=\"em-cal-day em-cal-col-5\">F<\/div>\n\t\t\t\t<div class=\"em-cal-day em-cal-col-6\">S<\/div>\n\t\t<\/section><section class=\"em-cal-body em-cal-days event-style-pill even-aspect\">\n\t\t\t<div class=\"eventful eventful-pre em-cal-day em-cal-col-1\">\n\t\t\t\t\t\t\t<div class=\"em-cal-day-date colored\" data-date=\"2026-08-30\" data-timestamp=\"1788048000\" >\n\t\t\t\t\t<a href=\"https:\/\/martinluther.ca\/de\/events\/2026-08-30\/\" title=\"\">30<\/a>\n\t\t\t\t\t\t\t\t\t\t\t\t\t\t<\/div>\n\t\t\t\t\t\t\t\t\t\t\t\t\t\t<div class=\"em-cal-event\" style=\"--event-background-color:#a8d144;;--event-border-color:#a8d144;;--event-color:#fff;\" data-event-url=\"https:\/\/martinluther.ca\/de\/events\/14-so-nach-pfingsten-11-00-uhr-zweisprachiger-deutsch-englischer-gottesdienst-mit-abendmahl\/\" data-event-id=\"4485\">\n\t\t\t\t\t\t\t<div><a href=\"https:\/\/martinluther.ca\/de\/events\/14-so-nach-pfingsten-11-00-uhr-zweisprachiger-deutsch-englischer-gottesdienst-mit-abendmahl\/\">14. So. nach Pfingsten - 11.00 Uhr  Zweisprachiger deutsch-englischer Gottesdienst mit Abendmahl<\/a><\/div>\n\t\t\t\t\t\t<\/div>\n\t\t\t\t\t\t\t\t\t\t\t<span class=\"date-day-colors\" data-colors=\"[&quot;#a8d144&quot;]\"><\/span>\n\t\t\t\t\t\t\t\t\t\t\t\t\t\n\t\t\t\t\t<\/div>\n\t\t\t\t<div class=\"eventless-pre em-cal-day em-cal-col-2\">\n\t\t\t\t\t\t\t<div class=\"em-cal-day-date\">\n\t\t\t\t\t<span>31<\/span>\n\t\t\t\t<\/div>\n\t\t\t\t\t<\/div>\n\t\t\t\t<div class=\"eventless em-cal-day em-cal-col-3\">\n\t\t\t\t\t\t\t<div class=\"em-cal-day-date\">\n\t\t\t\t\t<span>1<\/span>\n\t\t\t\t<\/div>\n\t\t\t\t\t<\/div>\n\t\t\t\t<div class=\"eventless em-cal-day em-cal-col-4\">\n\t\t\t\t\t\t\t<div class=\"em-cal-day-date\">\n\t\t\t\t\t<span>2<\/span>\n\t\t\t\t<\/div>\n\t\t\t\t\t<\/div>\n\t\t\t\t<div class=\"eventless em-cal-day em-cal-col-5\">\n\t\t\t\t\t\t\t<div class=\"em-cal-day-date\">\n\t\t\t\t\t<span>3<\/span>\n\t\t\t\t<\/div>\n\t\t\t\t\t<\/div>\n\t\t\t\t<div class=\"eventless em-cal-day em-cal-col-6\">\n\t\t\t\t\t\t\t<div class=\"em-cal-day-date\">\n\t\t\t\t\t<span>4<\/span>\n\t\t\t\t<\/div>\n\t\t\t\t\t<\/div>\n\t\t\t\t<div class=\"eventless em-cal-day em-cal-col-7\">\n\t\t\t\t\t\t\t<div class=\"em-cal-day-date\">\n\t\t\t\t\t<span>5<\/span>\n\t\t\t\t<\/div>\n\t\t\t\t\t<\/div>\n\t\t\t\t<div class=\"eventful eventful-today em-cal-day em-cal-col-1\">\n\t\t\t\t\t\t\t<div class=\"em-cal-day-date colored\" data-date=\"2026-09-06\" data-timestamp=\"1788652800\" >\n\t\t\t\t\t<a href=\"https:\/\/martinluther.ca\/de\/events\/2026-09-06\/\" title=\"\">6<\/a>\n\t\t\t\t\t\t\t\t\t\t\t\t\t\t<\/div>\n\t\t\t\t\t\t\t\t\t\t\t\t\t\t<div class=\"em-cal-event\" style=\"--event-background-color:#a8d144;;--event-border-color:#a8d144;;--event-color:#fff;\" data-event-url=\"https:\/\/martinluther.ca\/de\/events\/15-so-nach-pfingsten-11-00-uhr-zweisprachiger-deutsch-englischer-gottesdienst\/\" data-event-id=\"4487\">\n\t\t\t\t\t\t\t<div><a href=\"https:\/\/martinluther.ca\/de\/events\/15-so-nach-pfingsten-11-00-uhr-zweisprachiger-deutsch-englischer-gottesdienst\/\">15. So. nach Pfingsten -11.00 Uhr Zweisprachiger deutsch-englischer Gottesdienst<\/a><\/div>\n\t\t\t\t\t\t<\/div>\n\t\t\t\t\t\t\t\t\t\t\t<span class=\"date-day-colors\" data-colors=\"[&quot;#a8d144&quot;]\"><\/span>\n\t\t\t\t\t\t\t\t\t\t\t\t\t\n\t\t\t\t\t<\/div>\n\t\t\t\t<div class=\"eventful eventful em-cal-day em-cal-col-2\">\n\t\t\t\t\t\t\t<div class=\"em-cal-day-date colored\" data-date=\"2026-09-07\" data-timestamp=\"1788739200\" >\n\t\t\t\t\t<a href=\"https:\/\/martinluther.ca\/de\/events\/2026-09-07\/\" title=\"\">7<\/a>\n\t\t\t\t\t\t\t\t\t\t\t\t\t\t<\/div>\n\t\t\t\t\t\t\t\t\t\t\t\t\t\t<div class=\"em-cal-event\" style=\"--event-background-color:#a8d144;;--event-border-color:#a8d144;;--event-color:#fff;\" data-event-url=\"https:\/\/martinluther.ca\/de\/events\/labour-day-der-tag-der-arbeit\/\" data-event-id=\"4534\">\n\t\t\t\t\t\t\t<div><a href=\"https:\/\/martinluther.ca\/de\/events\/labour-day-der-tag-der-arbeit\/\">Labour Day (Der Tag der Arbeit)<\/a><\/div>\n\t\t\t\t\t\t<\/div>\n\t\t\t\t\t\t\t\t\t\t\t<span class=\"date-day-colors\" data-colors=\"[&quot;#a8d144&quot;]\"><\/span>\n\t\t\t\t\t\t\t\t\t\t\t\t\t\n\t\t\t\t\t<\/div>\n\t\t\t\t<div class=\"eventless em-cal-day em-cal-col-3\">\n\t\t\t\t\t\t\t<div class=\"em-cal-day-date\">\n\t\t\t\t\t<span>8<\/span>\n\t\t\t\t<\/div>\n\t\t\t\t\t<\/div>\n\t\t\t\t<div class=\"eventless em-cal-day em-cal-col-4\">\n\t\t\t\t\t\t\t<div class=\"em-cal-day-date\">\n\t\t\t\t\t<span>9<\/span>\n\t\t\t\t<\/div>\n\t\t\t\t\t<\/div>\n\t\t\t\t<div class=\"eventless em-cal-day em-cal-col-5\">\n\t\t\t\t\t\t\t<div class=\"em-cal-day-date\">\n\t\t\t\t\t<span>10<\/span>\n\t\t\t\t<\/div>\n\t\t\t\t\t<\/div>\n\t\t\t\t<div class=\"eventless em-cal-day em-cal-col-6\">\n\t\t\t\t\t\t\t<div class=\"em-cal-day-date\">\n\t\t\t\t\t<span>11<\/span>\n\t\t\t\t<\/div>\n\t\t\t\t\t<\/div>\n\t\t\t\t<div class=\"eventless em-cal-day em-cal-col-7\">\n\t\t\t\t\t\t\t<div class=\"em-cal-day-date\">\n\t\t\t\t\t<span>12<\/span>\n\t\t\t\t<\/div>\n\t\t\t\t\t<\/div>\n\t\t\t\t<div class=\"eventful eventful em-cal-day em-cal-col-1\">\n\t\t\t\t\t\t\t<div class=\"em-cal-day-date colored\" data-date=\"2026-09-13\" data-timestamp=\"1789257600\" >\n\t\t\t\t\t<a href=\"https:\/\/martinluther.ca\/de\/events\/2026-09-13\/\" title=\"\">13<\/a>\n\t\t\t\t\t\t\t\t\t\t\t\t\t\t<\/div>\n\t\t\t\t\t\t\t\t\t\t\t\t\t\t<div class=\"em-cal-event\" style=\"--event-background-color:#a8d144;;--event-border-color:#a8d144;;--event-color:#fff;\" data-event-url=\"https:\/\/martinluther.ca\/de\/events\/16-so-nach-pfingsten-11-00-uhr-zweisprachiger-back-to-church-kreativ-gottesdienst-pastor-annika-klappert-im-anschluss-findet-eine-informationsveranstaltung-zum-thema-geplante-spend\/\" data-event-id=\"4489\">\n\t\t\t\t\t\t\t<div><a href=\"https:\/\/martinluther.ca\/de\/events\/16-so-nach-pfingsten-11-00-uhr-zweisprachiger-back-to-church-kreativ-gottesdienst-pastor-annika-klappert-im-anschluss-findet-eine-informationsveranstaltung-zum-thema-geplante-spend\/\">16. SO. NACH PFINGSTEN - 11.00 Uhr Zweisprachiger &quot;Back-to-Church&quot; Kreativ-Gottesdienst (Pastor Annika Klappert). Im Anschluss findet eine Informationsveranstaltung zum Thema \u201eGeplante Spenden\u201c statt. Kathryn Smith von Charitus wird den workshop leiten, in dem erl\u00e4utert wird, wie Sie mit Ihrem Testament Ihre Familie und Ihre Angeh\u00f6rigen sowie Anliegen, die Ihnen am Herzen liegen, unterst\u00fctzen k\u00f6nnen.<\/a><\/div>\n\t\t\t\t\t\t<\/div>\n\t\t\t\t\t\t\t\t\t\t\t<span class=\"date-day-colors\" data-colors=\"[&quot;#a8d144&quot;]\"><\/span>\n\t\t\t\t\t\t\t\t\t\t\t\t\t\n\t\t\t\t\t<\/div>\n\t\t\t\t<div class=\"eventless em-cal-day em-cal-col-2\">\n\t\t\t\t\t\t\t<div class=\"em-cal-day-date\">\n\t\t\t\t\t<span>14<\/span>\n\t\t\t\t<\/div>\n\t\t\t\t\t<\/div>\n\t\t\t\t<div class=\"eventless em-cal-day em-cal-col-3\">\n\t\t\t\t\t\t\t<div class=\"em-cal-day-date\">\n\t\t\t\t\t<span>15<\/span>\n\t\t\t\t<\/div>\n\t\t\t\t\t<\/div>\n\t\t\t\t<div class=\"eventful eventful em-cal-day em-cal-col-4\">\n\t\t\t\t\t\t\t<div class=\"em-cal-day-date colored\" data-date=\"2026-09-16\" data-timestamp=\"1789516800\" >\n\t\t\t\t\t<a href=\"https:\/\/martinluther.ca\/de\/events\/2026-09-16\/\" title=\"\">16<\/a>\n\t\t\t\t\t\t\t\t\t\t\t\t\t\t<\/div>\n\t\t\t\t\t\t\t\t\t\t\t\t\t\t<div class=\"em-cal-event\" style=\"--event-background-color:#a8d144;;--event-border-color:#a8d144;;--event-color:#fff;\" data-event-url=\"https:\/\/martinluther.ca\/de\/events\/mittwoch-11-00-uhr-seniorentreffen-praesentation-von-cathy-otoole-geschaeftsfuehrerin-der-martin-luther-kindertagesstaette\/\" data-event-id=\"4600\">\n\t\t\t\t\t\t\t<div><a href=\"https:\/\/martinluther.ca\/de\/events\/mittwoch-11-00-uhr-seniorentreffen-praesentation-von-cathy-otoole-geschaeftsfuehrerin-der-martin-luther-kindertagesstaette\/\">[Mittwoch] 11.00 Uhr Seniorentreffen - Pr\u00e4sentation von Cathy O\u2019Toole, Gesch\u00e4ftsf\u00fchrerin der Martin Luther Kindertagesst\u00e4tte<\/a><\/div>\n\t\t\t\t\t\t<\/div>\n\t\t\t\t\t\t\t\t\t\t\t<span class=\"date-day-colors\" data-colors=\"[&quot;#a8d144&quot;]\"><\/span>\n\t\t\t\t\t\t\t\t\t\t\t\t\t\n\t\t\t\t\t<\/div>\n\t\t\t\t<div class=\"eventless em-cal-day em-cal-col-5\">\n\t\t\t\t\t\t\t<div class=\"em-cal-day-date\">\n\t\t\t\t\t<span>17<\/span>\n\t\t\t\t<\/div>\n\t\t\t\t\t<\/div>\n\t\t\t\t<div class=\"eventless em-cal-day em-cal-col-6\">\n\t\t\t\t\t\t\t<div class=\"em-cal-day-date\">\n\t\t\t\t\t<span>18<\/span>\n\t\t\t\t<\/div>\n\t\t\t\t\t<\/div>\n\t\t\t\t<div class=\"eventless em-cal-day em-cal-col-7\">\n\t\t\t\t\t\t\t<div class=\"em-cal-day-date\">\n\t\t\t\t\t<span>19<\/span>\n\t\t\t\t<\/div>\n\t\t\t\t\t<\/div>\n\t\t\t\t<div class=\"eventful eventful em-cal-day em-cal-col-1\">\n\t\t\t\t\t\t\t<div class=\"em-cal-day-date colored\" data-date=\"2026-09-20\" data-timestamp=\"1789862400\" >\n\t\t\t\t\t<a href=\"https:\/\/martinluther.ca\/de\/events\/2026-09-20\/\" title=\"\">20<\/a>\n\t\t\t\t\t\t\t\t\t\t\t\t\t\t<\/div>\n\t\t\t\t\t\t\t\t\t\t\t\t\t\t<div class=\"em-cal-event\" style=\"--event-background-color:#a8d144;;--event-border-color:#a8d144;;--event-color:#fff;\" data-event-url=\"https:\/\/martinluther.ca\/de\/events\/17-so-nach-pfingsten-945-uhr-englische-andacht-1100-uhr-deutscher-gottesdienst-beide-mit-abendmahl\/\" data-event-id=\"4491\">\n\t\t\t\t\t\t\t<div><a href=\"https:\/\/martinluther.ca\/de\/events\/17-so-nach-pfingsten-945-uhr-englische-andacht-1100-uhr-deutscher-gottesdienst-beide-mit-abendmahl\/\">17. SO. NACH PFINGSTEN - 9:45 Uhr englische Andacht + 11:00 Uhr deutscher Gottesdienst. Beide mit Abendmahl<\/a><\/div>\n\t\t\t\t\t\t<\/div>\n\t\t\t\t\t\t\t\t\t\t\t<span class=\"date-day-colors\" data-colors=\"[&quot;#a8d144&quot;]\"><\/span>\n\t\t\t\t\t\t\t\t\t\t\t\t\t\n\t\t\t\t\t<\/div>\n\t\t\t\t<div class=\"eventless em-cal-day em-cal-col-2\">\n\t\t\t\t\t\t\t<div class=\"em-cal-day-date\">\n\t\t\t\t\t<span>21<\/span>\n\t\t\t\t<\/div>\n\t\t\t\t\t<\/div>\n\t\t\t\t<div class=\"eventless em-cal-day em-cal-col-3\">\n\t\t\t\t\t\t\t<div class=\"em-cal-day-date\">\n\t\t\t\t\t<span>22<\/span>\n\t\t\t\t<\/div>\n\t\t\t\t\t<\/div>\n\t\t\t\t<div class=\"eventful eventful em-cal-day em-cal-col-4\">\n\t\t\t\t\t\t\t<div class=\"em-cal-day-date colored\" data-date=\"2026-09-23\" data-timestamp=\"1790121600\" >\n\t\t\t\t\t<a href=\"https:\/\/martinluther.ca\/de\/events\/2026-09-23\/\" title=\"\">23<\/a>\n\t\t\t\t\t\t\t\t\t\t\t\t\t\t<\/div>\n\t\t\t\t\t\t\t\t\t\t\t\t\t\t<div class=\"em-cal-event\" style=\"--event-background-color:#a8d144;;--event-border-color:#a8d144;;--event-color:#fff;\" data-event-url=\"https:\/\/martinluther.ca\/de\/events\/mittwoch-19-00-uhr-dinner-church-mit-gastrednerin-annie-katsura-rollins-der-geschaeftsfuehrerin-von-lakeshore-arts-seien-sie-dabei-bei-gespraechen-musik-gebet-und-einem-gemeinsamen-essen\/\" data-event-id=\"4556\">\n\t\t\t\t\t\t\t<div><a href=\"https:\/\/martinluther.ca\/de\/events\/mittwoch-19-00-uhr-dinner-church-mit-gastrednerin-annie-katsura-rollins-der-geschaeftsfuehrerin-von-lakeshore-arts-seien-sie-dabei-bei-gespraechen-musik-gebet-und-einem-gemeinsamen-essen\/\">[Mittwoch] 19.00 Uhr Dinner Church mit Gastrednerin Annie Katsura Rollins, der Gesch\u00e4ftsf\u00fchrerin von Lakeshore Arts. Seien Sie dabei bei Gespr\u00e4chen, Musik, Gebet und einem gemeinsamen Essen!<\/a><\/div>\n\t\t\t\t\t\t<\/div>\n\t\t\t\t\t\t\t\t\t\t\t<span class=\"date-day-colors\" data-colors=\"[&quot;#a8d144&quot;]\"><\/span>\n\t\t\t\t\t\t\t\t\t\t\t\t\t\n\t\t\t\t\t<\/div>\n\t\t\t\t<div class=\"eventless em-cal-day em-cal-col-5\">\n\t\t\t\t\t\t\t<div class=\"em-cal-day-date\">\n\t\t\t\t\t<span>24<\/span>\n\t\t\t\t<\/div>\n\t\t\t\t\t<\/div>\n\t\t\t\t<div class=\"eventless em-cal-day em-cal-col-6\">\n\t\t\t\t\t\t\t<div class=\"em-cal-day-date\">\n\t\t\t\t\t<span>25<\/span>\n\t\t\t\t<\/div>\n\t\t\t\t\t<\/div>\n\t\t\t\t<div class=\"eventless em-cal-day em-cal-col-7\">\n\t\t\t\t\t\t\t<div class=\"em-cal-day-date\">\n\t\t\t\t\t<span>26<\/span>\n\t\t\t\t<\/div>\n\t\t\t\t\t<\/div>\n\t\t\t\t<div class=\"eventful eventful em-cal-day em-cal-col-1\">\n\t\t\t\t\t\t\t<div class=\"em-cal-day-date colored\" data-date=\"2026-09-27\" data-timestamp=\"1790467200\" >\n\t\t\t\t\t<a href=\"https:\/\/martinluther.ca\/de\/events\/2026-09-27\/\" title=\"\">27<\/a>\n\t\t\t\t\t\t\t\t\t\t\t\t\t\t<\/div>\n\t\t\t\t\t\t\t\t\t\t\t\t\t\t<div class=\"em-cal-event\" style=\"--event-background-color:#a8d144;;--event-border-color:#a8d144;;--event-color:#fff;\" data-event-url=\"https:\/\/martinluther.ca\/de\/events\/18-so-nach-pfingsten-1100-uhr-zweisprachiger-gottesdienst-im-anschluss-sind-die-gemeindemitglieder-zu-einem-informellen-gespraech-ueber-die-kirchenfinanzen-eingeladen-der-kirchenvorstand-wird\/\" data-event-id=\"4493\">\n\t\t\t\t\t\t\t<div><a href=\"https:\/\/martinluther.ca\/de\/events\/18-so-nach-pfingsten-1100-uhr-zweisprachiger-gottesdienst-im-anschluss-sind-die-gemeindemitglieder-zu-einem-informellen-gespraech-ueber-die-kirchenfinanzen-eingeladen-der-kirchenvorstand-wird\/\">18. SO. NACH PFINGSTEN - 11:00 Uhr Zweisprachiger Gottesdienst. + Im Anschluss sind die Gemeindemitglieder zu einem informellen Gespr\u00e4ch \u00fcber die Kirchenfinanzen eingeladen. Der Kirchenvorstand wird \u00fcber den Stand der \u00dcberpr\u00fcfung und den aktuellen Stand des Haushaltsplans 2026 informieren.<\/a><\/div>\n\t\t\t\t\t\t<\/div>\n\t\t\t\t\t\t\t\t\t\t\t<span class=\"date-day-colors\" data-colors=\"[&quot;#a8d144&quot;]\"><\/span>\n\t\t\t\t\t\t\t\t\t\t\t\t\t\n\t\t\t\t\t<\/div>\n\t\t\t\t<div class=\"eventless em-cal-day em-cal-col-2\">\n\t\t\t\t\t\t\t<div class=\"em-cal-day-date\">\n\t\t\t\t\t<span>28<\/span>\n\t\t\t\t<\/div>\n\t\t\t\t\t<\/div>\n\t\t\t\t<div class=\"eventless em-cal-day em-cal-col-3\">\n\t\t\t\t\t\t\t<div class=\"em-cal-day-date\">\n\t\t\t\t\t<span>29<\/span>\n\t\t\t\t<\/div>\n\t\t\t\t\t<\/div>\n\t\t\t\t<div class=\"eventless em-cal-day em-cal-col-4\">\n\t\t\t\t\t\t\t<div class=\"em-cal-day-date\">\n\t\t\t\t\t<span>30<\/span>\n\t\t\t\t<\/div>\n\t\t\t\t\t<\/div>\n\t\t\t\t<div class=\"eventless-post em-cal-day em-cal-col-5\">\n\t\t\t\t\t\t\t<div class=\"em-cal-day-date\">\n\t\t\t\t\t<span>1<\/span>\n\t\t\t\t<\/div>\n\t\t\t\t\t<\/div>\n\t\t\t\t<div class=\"eventless-post em-cal-day em-cal-col-6\">\n\t\t\t\t\t\t\t<div class=\"em-cal-day-date\">\n\t\t\t\t\t<span>2<\/span>\n\t\t\t\t<\/div>\n\t\t\t\t\t<\/div>\n\t\t\t\t<div class=\"eventless-post em-cal-day em-cal-col-7\">\n\t\t\t\t\t\t\t<div class=\"em-cal-day-date\">\n\t\t\t\t\t<span>3<\/span>\n\t\t\t\t<\/div>\n\t\t\t\t\t<\/div>\n\t\t<\/section><section class=\"em-cal-events-content\" id=\"em-cal-events-content-914573286\">\n\t\t\t\t\t\t\t\t<div class=\"em pixelbones em-calendar-preview em-modal em-cal-date-content\" data-calendar-date=\"1788048000\" data-parent=\"em-cal-events-content-914573286\">\n\t<div class=\"em-modal-popup\">\n\t\t<header>\n\t\t\t<a class=\"em-close-modal\"><\/a><!-- close modal -->\n\t\t\t<div class=\"em-modal-title\">\n\t\t\t\tVeranstaltungen am Aug. 30\t\t\t<\/div>\n\t\t<\/header>\n\t\t<div class=\"em-modal-content em pixelbones em-calendar-preview em-list-widget em-events-widget\">\n\t\t\t\t\t\t\t<div class=\"em-item em-event\" style=\"--default-border:#a8d144;\">\r\n\t<div class=\"em-item-image has-placeholder\" style=\"max-width:150px\">\r\n\t\t\r\n\t\t\r\n\t\t<div class=\"em-item-image-placeholder\">\r\n\t\t\t<div class=\"date\">\r\n\t\t\t\t<span class=\"day\">30<\/span>\r\n\t\t\t\t<span class=\"month\">Aug.<\/span>\r\n\t\t\t<\/div>\r\n\t\t<\/div>\r\n\t\t\r\n\t<\/div>\r\n\t<div class=\"em-item-info\">\r\n\t\t<div class=\"em-item-name\"><a href=\"https:\/\/martinluther.ca\/de\/events\/14-so-nach-pfingsten-11-00-uhr-zweisprachiger-deutsch-englischer-gottesdienst-mit-abendmahl\/\">14. So. nach Pfingsten - 11.00 Uhr  Zweisprachiger deutsch-englischer Gottesdienst mit Abendmahl<\/a><\/div>\r\n\t\t<div class=\"em-item-meta\">\r\n\t\t\t<div class=\"em-item-meta-line em-event-date em-event-meta-datetime\">\r\n\t\t\t\t<span class=\"em-icon em-icon-calendar\"><\/span>\r\n\t\t\t\t<span>30 Aug. 26<\/span>\r\n\t\t\t<\/div>\r\n\t\t\t<div class=\"em-item-meta-line em-event-location em-event-meta-location\">\r\n\t\t\t\t<span class=\"em-icon em-icon-location\"><\/span>\r\n\t\t\t\t<span><\/span>\r\n\t\t\t<\/div>\r\n\t\t<\/div>\r\n\t<\/div>\r\n<\/div>\t\t\t\t\t<\/div><!-- content -->\n\t\t\t<\/div><!-- modal -->\n<\/div>\t\t\t\t\t\t\t\t\t\t\t\t\t\t\t\t\t\t\t\t\t\t\t\t\t\t<div class=\"em pixelbones em-calendar-preview em-modal em-cal-date-content\" data-calendar-date=\"1788652800\" data-parent=\"em-cal-events-content-914573286\">\n\t<div class=\"em-modal-popup\">\n\t\t<header>\n\t\t\t<a class=\"em-close-modal\"><\/a><!-- close modal -->\n\t\t\t<div class=\"em-modal-title\">\n\t\t\t\tVeranstaltungen am Sep. 6\t\t\t<\/div>\n\t\t<\/header>\n\t\t<div class=\"em-modal-content em pixelbones em-calendar-preview em-list-widget em-events-widget\">\n\t\t\t\t\t\t\t<div class=\"em-item em-event\" style=\"--default-border:#a8d144;\">\r\n\t<div class=\"em-item-image has-placeholder\" style=\"max-width:150px\">\r\n\t\t\r\n\t\t\r\n\t\t<div class=\"em-item-image-placeholder\">\r\n\t\t\t<div class=\"date\">\r\n\t\t\t\t<span class=\"day\">06<\/span>\r\n\t\t\t\t<span class=\"month\">Sep.<\/span>\r\n\t\t\t<\/div>\r\n\t\t<\/div>\r\n\t\t\r\n\t<\/div>\r\n\t<div class=\"em-item-info\">\r\n\t\t<div class=\"em-item-name\"><a href=\"https:\/\/martinluther.ca\/de\/events\/15-so-nach-pfingsten-11-00-uhr-zweisprachiger-deutsch-englischer-gottesdienst\/\">15. So. nach Pfingsten -11.00 Uhr Zweisprachiger deutsch-englischer Gottesdienst<\/a><\/div>\r\n\t\t<div class=\"em-item-meta\">\r\n\t\t\t<div class=\"em-item-meta-line em-event-date em-event-meta-datetime\">\r\n\t\t\t\t<span class=\"em-icon em-icon-calendar\"><\/span>\r\n\t\t\t\t<span>6 Sep. 26<\/span>\r\n\t\t\t<\/div>\r\n\t\t\t<div class=\"em-item-meta-line em-event-location em-event-meta-location\">\r\n\t\t\t\t<span class=\"em-icon em-icon-location\"><\/span>\r\n\t\t\t\t<span><\/span>\r\n\t\t\t<\/div>\r\n\t\t<\/div>\r\n\t<\/div>\r\n<\/div>\t\t\t\t\t<\/div><!-- content -->\n\t\t\t<\/div><!-- modal -->\n<\/div>\t\t\t\t\t\t\t\t<div class=\"em pixelbones em-calendar-preview em-modal em-cal-date-content\" data-calendar-date=\"1788739200\" data-parent=\"em-cal-events-content-914573286\">\n\t<div class=\"em-modal-popup\">\n\t\t<header>\n\t\t\t<a class=\"em-close-modal\"><\/a><!-- close modal -->\n\t\t\t<div class=\"em-modal-title\">\n\t\t\t\tVeranstaltungen am Sep. 7\t\t\t<\/div>\n\t\t<\/header>\n\t\t<div class=\"em-modal-content em pixelbones em-calendar-preview em-list-widget em-events-widget\">\n\t\t\t\t\t\t\t<div class=\"em-item em-event\" style=\"--default-border:#a8d144;\">\r\n\t<div class=\"em-item-image has-placeholder\" style=\"max-width:150px\">\r\n\t\t\r\n\t\t\r\n\t\t<div class=\"em-item-image-placeholder\">\r\n\t\t\t<div class=\"date\">\r\n\t\t\t\t<span class=\"day\">07<\/span>\r\n\t\t\t\t<span class=\"month\">Sep.<\/span>\r\n\t\t\t<\/div>\r\n\t\t<\/div>\r\n\t\t\r\n\t<\/div>\r\n\t<div class=\"em-item-info\">\r\n\t\t<div class=\"em-item-name\"><a href=\"https:\/\/martinluther.ca\/de\/events\/labour-day-der-tag-der-arbeit\/\">Labour Day (Der Tag der Arbeit)<\/a><\/div>\r\n\t\t<div class=\"em-item-meta\">\r\n\t\t\t<div class=\"em-item-meta-line em-event-date em-event-meta-datetime\">\r\n\t\t\t\t<span class=\"em-icon em-icon-calendar\"><\/span>\r\n\t\t\t\t<span>7 Sep. 26<\/span>\r\n\t\t\t<\/div>\r\n\t\t\t<div class=\"em-item-meta-line em-event-location em-event-meta-location\">\r\n\t\t\t\t<span class=\"em-icon em-icon-location\"><\/span>\r\n\t\t\t\t<span><\/span>\r\n\t\t\t<\/div>\r\n\t\t<\/div>\r\n\t<\/div>\r\n<\/div>\t\t\t\t\t<\/div><!-- content -->\n\t\t\t<\/div><!-- modal -->\n<\/div>\t\t\t\t\t\t\t\t\t\t\t\t\t\t\t\t\t\t\t\t\t\t\t<div class=\"em pixelbones em-calendar-preview em-modal em-cal-date-content\" data-calendar-date=\"1789257600\" data-parent=\"em-cal-events-content-914573286\">\n\t<div class=\"em-modal-popup\">\n\t\t<header>\n\t\t\t<a class=\"em-close-modal\"><\/a><!-- close modal -->\n\t\t\t<div class=\"em-modal-title\">\n\t\t\t\tVeranstaltungen am Sep. 13\t\t\t<\/div>\n\t\t<\/header>\n\t\t<div class=\"em-modal-content em pixelbones em-calendar-preview em-list-widget em-events-widget\">\n\t\t\t\t\t\t\t<div class=\"em-item em-event\" style=\"--default-border:#a8d144;\">\r\n\t<div class=\"em-item-image has-placeholder\" style=\"max-width:150px\">\r\n\t\t\r\n\t\t\r\n\t\t<div class=\"em-item-image-placeholder\">\r\n\t\t\t<div class=\"date\">\r\n\t\t\t\t<span class=\"day\">13<\/span>\r\n\t\t\t\t<span class=\"month\">Sep.<\/span>\r\n\t\t\t<\/div>\r\n\t\t<\/div>\r\n\t\t\r\n\t<\/div>\r\n\t<div class=\"em-item-info\">\r\n\t\t<div class=\"em-item-name\"><a href=\"https:\/\/martinluther.ca\/de\/events\/16-so-nach-pfingsten-11-00-uhr-zweisprachiger-back-to-church-kreativ-gottesdienst-pastor-annika-klappert-im-anschluss-findet-eine-informationsveranstaltung-zum-thema-geplante-spend\/\">16. SO. NACH PFINGSTEN - 11.00 Uhr Zweisprachiger &quot;Back-to-Church&quot; Kreativ-Gottesdienst (Pastor Annika Klappert). Im Anschluss findet eine Informationsveranstaltung zum Thema \u201eGeplante Spenden\u201c statt. Kathryn Smith von Charitus wird den workshop leiten, in dem erl\u00e4utert wird, wie Sie mit Ihrem Testament Ihre Familie und Ihre Angeh\u00f6rigen sowie Anliegen, die Ihnen am Herzen liegen, unterst\u00fctzen k\u00f6nnen.<\/a><\/div>\r\n\t\t<div class=\"em-item-meta\">\r\n\t\t\t<div class=\"em-item-meta-line em-event-date em-event-meta-datetime\">\r\n\t\t\t\t<span class=\"em-icon em-icon-calendar\"><\/span>\r\n\t\t\t\t<span>13 Sep. 26<\/span>\r\n\t\t\t<\/div>\r\n\t\t\t<div class=\"em-item-meta-line em-event-location em-event-meta-location\">\r\n\t\t\t\t<span class=\"em-icon em-icon-location\"><\/span>\r\n\t\t\t\t<span><\/span>\r\n\t\t\t<\/div>\r\n\t\t<\/div>\r\n\t<\/div>\r\n<\/div>\t\t\t\t\t<\/div><!-- content -->\n\t\t\t<\/div><!-- modal -->\n<\/div>\t\t\t\t\t\t\t\t\t\t\t\t\t\t<div class=\"em pixelbones em-calendar-preview em-modal em-cal-date-content\" data-calendar-date=\"1789516800\" data-parent=\"em-cal-events-content-914573286\">\n\t<div class=\"em-modal-popup\">\n\t\t<header>\n\t\t\t<a class=\"em-close-modal\"><\/a><!-- close modal -->\n\t\t\t<div class=\"em-modal-title\">\n\t\t\t\tVeranstaltungen am Sep. 16\t\t\t<\/div>\n\t\t<\/header>\n\t\t<div class=\"em-modal-content em pixelbones em-calendar-preview em-list-widget em-events-widget\">\n\t\t\t\t\t\t\t<div class=\"em-item em-event\" style=\"--default-border:#a8d144;\">\r\n\t<div class=\"em-item-image has-placeholder\" style=\"max-width:150px\">\r\n\t\t\r\n\t\t\r\n\t\t<div class=\"em-item-image-placeholder\">\r\n\t\t\t<div class=\"date\">\r\n\t\t\t\t<span class=\"day\">16<\/span>\r\n\t\t\t\t<span class=\"month\">Sep.<\/span>\r\n\t\t\t<\/div>\r\n\t\t<\/div>\r\n\t\t\r\n\t<\/div>\r\n\t<div class=\"em-item-info\">\r\n\t\t<div class=\"em-item-name\"><a href=\"https:\/\/martinluther.ca\/de\/events\/mittwoch-11-00-uhr-seniorentreffen-praesentation-von-cathy-otoole-geschaeftsfuehrerin-der-martin-luther-kindertagesstaette\/\">[Mittwoch] 11.00 Uhr Seniorentreffen - Pr\u00e4sentation von Cathy O\u2019Toole, Gesch\u00e4ftsf\u00fchrerin der Martin Luther Kindertagesst\u00e4tte<\/a><\/div>\r\n\t\t<div class=\"em-item-meta\">\r\n\t\t\t<div class=\"em-item-meta-line em-event-date em-event-meta-datetime\">\r\n\t\t\t\t<span class=\"em-icon em-icon-calendar\"><\/span>\r\n\t\t\t\t<span>16 Sep. 26<\/span>\r\n\t\t\t<\/div>\r\n\t\t\t<div class=\"em-item-meta-line em-event-location em-event-meta-location\">\r\n\t\t\t\t<span class=\"em-icon em-icon-location\"><\/span>\r\n\t\t\t\t<span><\/span>\r\n\t\t\t<\/div>\r\n\t\t<\/div>\r\n\t<\/div>\r\n<\/div>\t\t\t\t\t<\/div><!-- content -->\n\t\t\t<\/div><!-- modal -->\n<\/div>\t\t\t\t\t\t\t\t\t\t\t\t\t\t\t\t\t<div class=\"em pixelbones em-calendar-preview em-modal em-cal-date-content\" data-calendar-date=\"1789862400\" data-parent=\"em-cal-events-content-914573286\">\n\t<div class=\"em-modal-popup\">\n\t\t<header>\n\t\t\t<a class=\"em-close-modal\"><\/a><!-- close modal -->\n\t\t\t<div class=\"em-modal-title\">\n\t\t\t\tVeranstaltungen am Sep. 20\t\t\t<\/div>\n\t\t<\/header>\n\t\t<div class=\"em-modal-content em pixelbones em-calendar-preview em-list-widget em-events-widget\">\n\t\t\t\t\t\t\t<div class=\"em-item em-event\" style=\"--default-border:#a8d144;\">\r\n\t<div class=\"em-item-image has-placeholder\" style=\"max-width:150px\">\r\n\t\t\r\n\t\t\r\n\t\t<div class=\"em-item-image-placeholder\">\r\n\t\t\t<div class=\"date\">\r\n\t\t\t\t<span class=\"day\">20<\/span>\r\n\t\t\t\t<span class=\"month\">Sep.<\/span>\r\n\t\t\t<\/div>\r\n\t\t<\/div>\r\n\t\t\r\n\t<\/div>\r\n\t<div class=\"em-item-info\">\r\n\t\t<div class=\"em-item-name\"><a href=\"https:\/\/martinluther.ca\/de\/events\/17-so-nach-pfingsten-945-uhr-englische-andacht-1100-uhr-deutscher-gottesdienst-beide-mit-abendmahl\/\">17. SO. NACH PFINGSTEN - 9:45 Uhr englische Andacht + 11:00 Uhr deutscher Gottesdienst. Beide mit Abendmahl<\/a><\/div>\r\n\t\t<div class=\"em-item-meta\">\r\n\t\t\t<div class=\"em-item-meta-line em-event-date em-event-meta-datetime\">\r\n\t\t\t\t<span class=\"em-icon em-icon-calendar\"><\/span>\r\n\t\t\t\t<span>20 Sep. 26<\/span>\r\n\t\t\t<\/div>\r\n\t\t\t<div class=\"em-item-meta-line em-event-location em-event-meta-location\">\r\n\t\t\t\t<span class=\"em-icon em-icon-location\"><\/span>\r\n\t\t\t\t<span><\/span>\r\n\t\t\t<\/div>\r\n\t\t<\/div>\r\n\t<\/div>\r\n<\/div>\t\t\t\t\t<\/div><!-- content -->\n\t\t\t<\/div><!-- modal -->\n<\/div>\t\t\t\t\t\t\t\t\t\t\t\t\t\t<div class=\"em pixelbones em-calendar-preview em-modal em-cal-date-content\" data-calendar-date=\"1790121600\" data-parent=\"em-cal-events-content-914573286\">\n\t<div class=\"em-modal-popup\">\n\t\t<header>\n\t\t\t<a class=\"em-close-modal\"><\/a><!-- close modal -->\n\t\t\t<div class=\"em-modal-title\">\n\t\t\t\tVeranstaltungen am Sep. 23\t\t\t<\/div>\n\t\t<\/header>\n\t\t<div class=\"em-modal-content em pixelbones em-calendar-preview em-list-widget em-events-widget\">\n\t\t\t\t\t\t\t<div class=\"em-item em-event\" style=\"--default-border:#a8d144;\">\r\n\t<div class=\"em-item-image has-placeholder\" style=\"max-width:150px\">\r\n\t\t\r\n\t\t\r\n\t\t<div class=\"em-item-image-placeholder\">\r\n\t\t\t<div class=\"date\">\r\n\t\t\t\t<span class=\"day\">23<\/span>\r\n\t\t\t\t<span class=\"month\">Sep.<\/span>\r\n\t\t\t<\/div>\r\n\t\t<\/div>\r\n\t\t\r\n\t<\/div>\r\n\t<div class=\"em-item-info\">\r\n\t\t<div class=\"em-item-name\"><a href=\"https:\/\/martinluther.ca\/de\/events\/mittwoch-19-00-uhr-dinner-church-mit-gastrednerin-annie-katsura-rollins-der-geschaeftsfuehrerin-von-lakeshore-arts-seien-sie-dabei-bei-gespraechen-musik-gebet-und-einem-gemeinsamen-essen\/\">[Mittwoch] 19.00 Uhr Dinner Church mit Gastrednerin Annie Katsura Rollins, der Gesch\u00e4ftsf\u00fchrerin von Lakeshore Arts. Seien Sie dabei bei Gespr\u00e4chen, Musik, Gebet und einem gemeinsamen Essen!<\/a><\/div>\r\n\t\t<div class=\"em-item-meta\">\r\n\t\t\t<div class=\"em-item-meta-line em-event-date em-event-meta-datetime\">\r\n\t\t\t\t<span class=\"em-icon em-icon-calendar\"><\/span>\r\n\t\t\t\t<span>23 Sep. 26<\/span>\r\n\t\t\t<\/div>\r\n\t\t\t<div class=\"em-item-meta-line em-event-location em-event-meta-location\">\r\n\t\t\t\t<span class=\"em-icon em-icon-location\"><\/span>\r\n\t\t\t\t<span><\/span>\r\n\t\t\t<\/div>\r\n\t\t<\/div>\r\n\t<\/div>\r\n<\/div>\t\t\t\t\t<\/div><!-- content -->\n\t\t\t<\/div><!-- modal -->\n<\/div>\t\t\t\t\t\t\t\t\t\t\t\t\t\t\t\t\t<div class=\"em pixelbones em-calendar-preview em-modal em-cal-date-content\" data-calendar-date=\"1790467200\" data-parent=\"em-cal-events-content-914573286\">\n\t<div class=\"em-modal-popup\">\n\t\t<header>\n\t\t\t<a class=\"em-close-modal\"><\/a><!-- close modal -->\n\t\t\t<div class=\"em-modal-title\">\n\t\t\t\tVeranstaltungen am Sep. 27\t\t\t<\/div>\n\t\t<\/header>\n\t\t<div class=\"em-modal-content em pixelbones em-calendar-preview em-list-widget em-events-widget\">\n\t\t\t\t\t\t\t<div class=\"em-item em-event\" style=\"--default-border:#a8d144;\">\r\n\t<div class=\"em-item-image has-placeholder\" style=\"max-width:150px\">\r\n\t\t\r\n\t\t\r\n\t\t<div class=\"em-item-image-placeholder\">\r\n\t\t\t<div class=\"date\">\r\n\t\t\t\t<span class=\"day\">27<\/span>\r\n\t\t\t\t<span class=\"month\">Sep.<\/span>\r\n\t\t\t<\/div>\r\n\t\t<\/div>\r\n\t\t\r\n\t<\/div>\r\n\t<div class=\"em-item-info\">\r\n\t\t<div class=\"em-item-name\"><a href=\"https:\/\/martinluther.ca\/de\/events\/18-so-nach-pfingsten-1100-uhr-zweisprachiger-gottesdienst-im-anschluss-sind-die-gemeindemitglieder-zu-einem-informellen-gespraech-ueber-die-kirchenfinanzen-eingeladen-der-kirchenvorstand-wird\/\">18. SO. NACH PFINGSTEN - 11:00 Uhr Zweisprachiger Gottesdienst. + Im Anschluss sind die Gemeindemitglieder zu einem informellen Gespr\u00e4ch \u00fcber die Kirchenfinanzen eingeladen. Der Kirchenvorstand wird \u00fcber den Stand der \u00dcberpr\u00fcfung und den aktuellen Stand des Haushaltsplans 2026 informieren.<\/a><\/div>\r\n\t\t<div class=\"em-item-meta\">\r\n\t\t\t<div class=\"em-item-meta-line em-event-date em-event-meta-datetime\">\r\n\t\t\t\t<span class=\"em-icon em-icon-calendar\"><\/span>\r\n\t\t\t\t<span>27 Sep. 26<\/span>\r\n\t\t\t<\/div>\r\n\t\t\t<div class=\"em-item-meta-line em-event-location em-event-meta-location\">\r\n\t\t\t\t<span class=\"em-icon em-icon-location\"><\/span>\r\n\t\t\t\t<span><\/span>\r\n\t\t\t<\/div>\r\n\t\t<\/div>\r\n\t<\/div>\r\n<\/div>\t\t\t\t\t<\/div><!-- content -->\n\t\t\t<\/div><!-- modal -->\n<\/div>\t\t\t\t\t\t\t\t\t\t\t\t\t\t\t\t\t\t\t\t\t<\/section><\/div>\n<script>\n\t{\n\t\tlet el = document.getElementById('em-calendar-914573286').querySelector('.em-cal-body');\n\t\tlet width = el.firstElementChild.getBoundingClientRect().width;\n\t\tif (width > 0) {\n\t\t\tel.style.setProperty('--grid-auto-rows', 'minmax(' + width + 'px, auto)');\n\t\t}\n\t}\n<\/script>\t\t\t<div class=\"em-view-custom-data\" id=\"em-view-custom-data-914573286\">\r\n\t\t\t\t\t\t\t\t<form class=\"em-view-custom-data-search\" id=\"em-view-custom-data-search-914573286\">\r\n\t\t\t\t\t\t\t\t\t\t<input type=\"hidden\" name=\"css\" value=\"1\">\r\n\t\t\t\t\t\t\t\t\t\t<input type=\"hidden\" name=\"search_action\" value=\"search_events\">\r\n\t\t\t\t\t\t\t\t\t\t<input type=\"hidden\" name=\"search_advanced_text\" value=\"Show Advanced Search\">\r\n\t\t\t\t\t\t\t\t\t\t<input type=\"hidden\" name=\"search_text_show\" value=\"Show Advanced Search\">\r\n\t\t\t\t\t\t\t\t\t\t<input type=\"hidden\" name=\"search_text_hide\" value=\"Hide Advanced Search\">\r\n\t\t\t\t\t\t\t\t\t\t<input type=\"hidden\" name=\"search_button\" value=\"Search\">\r\n\t\t\t\t\t\t\t\t\t\t<input type=\"hidden\" name=\"saved_searches\" value=\"\">\r\n\t\t\t\t\t\t\t\t\t\t<input type=\"hidden\" name=\"search_advanced_style\" value=\"accordion\">\r\n\t\t\t\t\t\t\t\t\t\t<input type=\"hidden\" name=\"search_multiselect_style\" value=\"always-open\">\r\n\t\t\t\t\t\t\t\t\t\t<input type=\"hidden\" name=\"sorting\" value=\"0\">\r\n\t\t\t\t\t\t\t\t\t\t<input type=\"hidden\" name=\"search_term_main\" value=\"1\">\r\n\t\t\t\t\t\t\t\t\t\t<input type=\"hidden\" name=\"search_term\" value=\"1\">\r\n\t\t\t\t\t\t\t\t\t\t<input type=\"hidden\" name=\"search_term_label\" value=\"Search\">\r\n\t\t\t\t\t\t\t\t\t\t<input type=\"hidden\" name=\"search_term_advanced\" value=\"1\">\r\n\t\t\t\t\t\t\t\t\t\t<input type=\"hidden\" name=\"search_term_label_advanced\" value=\"Search\">\r\n\t\t\t\t\t\t\t\t\t\t<input type=\"hidden\" name=\"search_geo\" value=\"1\">\r\n\t\t\t\t\t\t\t\t\t\t<input type=\"hidden\" name=\"geo_label\" value=\"Near...\">\r\n\t\t\t\t\t\t\t\t\t\t<input type=\"hidden\" name=\"search_geo_advanced\" value=\"1\">\r\n\t\t\t\t\t\t\t\t\t\t<input type=\"hidden\" name=\"geo_label_advanced\" value=\"Near...\">\r\n\t\t\t\t\t\t\t\t\t\t<input type=\"hidden\" name=\"search_geo_units\" value=\"1\">\r\n\t\t\t\t\t\t\t\t\t\t<input type=\"hidden\" name=\"geo_units_label\" value=\"Within\">\r\n\t\t\t\t\t\t\t\t\t\t<input type=\"hidden\" name=\"geo_distance_values\" value=\"5,10,25,50,100\">\r\n\t\t\t\t\t\t\t\t\t\t<input type=\"hidden\" name=\"search_scope\" value=\"1\">\r\n\t\t\t\t\t\t\t\t\t\t<input type=\"hidden\" name=\"scope_label\" value=\"Dates\">\r\n\t\t\t\t\t\t\t\t\t\t<input type=\"hidden\" name=\"scope_seperator\" value=\"and\">\r\n\t\t\t\t\t\t\t\t\t\t<input type=\"hidden\" name=\"scope_format\" value=\"M j\">\r\n\t\t\t\t\t\t\t\t\t\t<input type=\"hidden\" name=\"search_scope_advanced\" value=\"1\">\r\n\t\t\t\t\t\t\t\t\t\t<input type=\"hidden\" name=\"scope_label_advanced\" value=\"Dates\">\r\n\t\t\t\t\t\t\t\t\t\t<input type=\"hidden\" name=\"scope_seperator_advanced\" value=\"and\">\r\n\t\t\t\t\t\t\t\t\t\t<input type=\"hidden\" name=\"scope_format_advanced\" value=\"M j\">\r\n\t\t\t\t\t\t\t\t\t\t<input type=\"hidden\" name=\"search_eventful_main\" value=\"0\">\r\n\t\t\t\t\t\t\t\t\t\t<input type=\"hidden\" name=\"search_eventful\" value=\"0\">\r\n\t\t\t\t\t\t\t\t\t\t<input type=\"hidden\" name=\"search_eventful_locations_label\" value=\"Orte mit vielen Veranstaltungen?\">\r\n\t\t\t\t\t\t\t\t\t\t<input type=\"hidden\" name=\"search_eventful_locations_tooltip\" value=\"Nur Orte mit bevorstehenden Veranstaltungen anzeigen.\">\r\n\t\t\t\t\t\t\t\t\t\t<input type=\"hidden\" name=\"search_categories\" value=\"1\">\r\n\t\t\t\t\t\t\t\t\t\t<input type=\"hidden\" name=\"category_label\" value=\"Categories\">\r\n\t\t\t\t\t\t\t\t\t\t<input type=\"hidden\" name=\"categories_label\" value=\"All Categories\">\r\n\t\t\t\t\t\t\t\t\t\t<input type=\"hidden\" name=\"categories_placeholder\" value=\"Search Categories...\">\r\n\t\t\t\t\t\t\t\t\t\t<input type=\"hidden\" name=\"categories_clear_text\" value=\"Clear Selected\">\r\n\t\t\t\t\t\t\t\t\t\t<input type=\"hidden\" name=\"categories_count_text\" value=\"%d Selected\">\r\n\t\t\t\t\t\t\t\t\t\t<input type=\"hidden\" name=\"categories_include\" value=\"\">\r\n\t\t\t\t\t\t\t\t\t\t<input type=\"hidden\" name=\"categories_exclude\" value=\"\">\r\n\t\t\t\t\t\t\t\t\t\t<input type=\"hidden\" name=\"search_tags\" value=\"1\">\r\n\t\t\t\t\t\t\t\t\t\t<input type=\"hidden\" name=\"tag_label\" value=\"Tags\">\r\n\t\t\t\t\t\t\t\t\t\t<input type=\"hidden\" name=\"tags_label\" value=\"All Tags\">\r\n\t\t\t\t\t\t\t\t\t\t<input type=\"hidden\" name=\"tags_placeholder\" value=\"Search Tags...\">\r\n\t\t\t\t\t\t\t\t\t\t<input type=\"hidden\" name=\"tags_clear_text\" value=\"Clear Selected\">\r\n\t\t\t\t\t\t\t\t\t\t<input type=\"hidden\" name=\"tags_count_text\" value=\"%d Selected\">\r\n\t\t\t\t\t\t\t\t\t\t<input type=\"hidden\" name=\"tags_include\" value=\"\">\r\n\t\t\t\t\t\t\t\t\t\t<input type=\"hidden\" name=\"tags_exclude\" value=\"\">\r\n\t\t\t\t\t\t\t\t\t\t<input type=\"hidden\" name=\"search_countries\" value=\"1\">\r\n\t\t\t\t\t\t\t\t\t\t<input type=\"hidden\" name=\"country_label\" value=\"Country\">\r\n\t\t\t\t\t\t\t\t\t\t<input type=\"hidden\" name=\"countries_label\" value=\"All Countries\">\r\n\t\t\t\t\t\t\t\t\t\t<input type=\"hidden\" name=\"search_regions\" value=\"1\">\r\n\t\t\t\t\t\t\t\t\t\t<input type=\"hidden\" name=\"region_label\" value=\"Region\">\r\n\t\t\t\t\t\t\t\t\t\t<input type=\"hidden\" name=\"search_states\" value=\"1\">\r\n\t\t\t\t\t\t\t\t\t\t<input type=\"hidden\" name=\"state_label\" value=\"State\/County\">\r\n\t\t\t\t\t\t\t\t\t\t<input type=\"hidden\" name=\"search_towns\" value=\"0\">\r\n\t\t\t\t\t\t\t\t\t\t<input type=\"hidden\" name=\"town_label\" value=\"City\/Town\">\r\n\t\t\t\t\t\t\t\t\t\t<input type=\"hidden\" name=\"show_main\" value=\"1\">\r\n\t\t\t\t\t\t\t\t\t\t<input type=\"hidden\" name=\"show_advanced\" value=\"1\">\r\n\t\t\t\t\t\t\t\t\t\t<input type=\"hidden\" name=\"advanced_mode\" value=\"modal\">\r\n\t\t\t\t\t\t\t\t\t\t<input type=\"hidden\" name=\"advanced_hidden\" value=\"1\">\r\n\t\t\t\t\t\t\t\t\t\t<input type=\"hidden\" name=\"advanced_trigger\" value=\"1\">\r\n\t\t\t\t\t\t\t\t\t\t<input type=\"hidden\" name=\"main_classes\" value=\"css-search,em-search-legacy,has-search-term,has-search-geo,has-search-main,has-advanced,advanced-hidden\">\r\n\t\t\t\t\t\t\t\t\t\t<input type=\"hidden\" name=\"css_classes_advanced\" value=\"\">\r\n\t\t\t\t\t\t\t\t\t\t<input type=\"hidden\" name=\"id\" value=\"914573286\">\r\n\t\t\t\t\t\t\t\t\t\t<input type=\"hidden\" name=\"scope\" value=\"all\">\r\n\t\t\t\t\t\t\t\t\t\t<input type=\"hidden\" name=\"calendar_size\" value=\"large\">\r\n\t\t\t\t\t\t\t\t\t\t<input type=\"hidden\" name=\"has_advanced_trigger\" value=\"0\">\r\n\t\t\t\t\t\t\t\t\t<\/form>\r\n\t\t\t\t<form class=\"em-view-custom-data-calendar\" id=\"em-view-custom-data-calendar-914573286\">\r\n\t\t\t\t\t\t\t\t\t\t\t<input type=\"hidden\" name=\"id\" value=\"914573286\">\r\n\t\t\t\t\t\t\t\t\t\t\t<input type=\"hidden\" name=\"scope\" value=\"all\">\r\n\t\t\t\t\t\t\t\t\t\t\t<input type=\"hidden\" name=\"calendar_size\" value=\"large\">\r\n\t\t\t\t\t\t\t\t\t\t\t<input type=\"hidden\" name=\"has_advanced_trigger\" value=\"0\">\r\n\t\t\t\t\t\t\t\t\t<\/form>\r\n\t\t\t<\/div>\r\n\t\t<\/div>\r\n\t\t\n","protected":false},"excerpt":{"rendered":"<p>Wenn Sie den vollen Kalender nicht sehen k\u00f6nnen, klicken Sie bitte hier, um die vollst\u00e4ndige Liste der anstehenden Ereignisse anzuzeigen<\/p>\n","protected":false},"author":5,"featured_media":0,"parent":0,"menu_order":0,"comment_status":"open","ping_status":"closed","template":"","meta":{"footnotes":""},"class_list":["post-19142","page","type-page","status-publish","hentry","entry","no-media"],"yoast_head":"<!-- This site is optimized with the Yoast SEO plugin v28.4 - https:\/\/yoast.com\/product\/yoast-seo-wordpress\/ -->\n<title>Kalender - Martin Luther Evangelische Kirche Toronto<\/title>\n<meta name=\"robots\" content=\"index, follow, max-snippet:-1, max-image-preview:large, max-video-preview:-1\" \/>\n<link rel=\"canonical\" href=\"https:\/\/martinluther.ca\/de\/kalendar\/\" \/>\n<meta property=\"og:locale\" content=\"de_DE\" \/>\n<meta property=\"og:type\" content=\"article\" \/>\n<meta property=\"og:title\" content=\"Kalender - Martin Luther Evangelische Kirche Toronto\" \/>\n<meta property=\"og:description\" content=\"Wenn Sie den vollen Kalender nicht sehen k\u00f6nnen, klicken Sie bitte hier, um die vollst\u00e4ndige Liste der anstehenden Ereignisse anzuzeigen\" \/>\n<meta property=\"og:url\" content=\"https:\/\/martinluther.ca\/de\/kalendar\/\" \/>\n<meta property=\"og:site_name\" content=\"Martin Luther Evangelische Kirche Toronto\" \/>\n<meta property=\"article:publisher\" content=\"https:\/\/www.facebook.com\/martinlutherchurchtoronto\" \/>\n<meta property=\"article:modified_time\" content=\"2024-02-05T21:02:54+00:00\" \/>\n<meta name=\"twitter:card\" content=\"summary_large_image\" \/>\n<meta name=\"twitter:label1\" content=\"Gesch\u00e4tzte Lesezeit\" \/>\n\t<meta name=\"twitter:data1\" content=\"1\u00a0Minute\" \/>\n<script type=\"application\/ld+json\" class=\"yoast-schema-graph\">{\"@context\":\"https:\\\/\\\/schema.org\",\"@graph\":[{\"@type\":\"WebPage\",\"@id\":\"https:\\\/\\\/martinluther.ca\\\/de\\\/kalendar\\\/\",\"url\":\"https:\\\/\\\/martinluther.ca\\\/de\\\/kalendar\\\/\",\"name\":\"Kalender - Martin Luther Evangelische Kirche Toronto\",\"isPartOf\":{\"@id\":\"https:\\\/\\\/martinluther.ca\\\/de\\\/#website\"},\"datePublished\":\"2014-08-20T01:00:03+00:00\",\"dateModified\":\"2024-02-05T21:02:54+00:00\",\"breadcrumb\":{\"@id\":\"https:\\\/\\\/martinluther.ca\\\/de\\\/kalendar\\\/#breadcrumb\"},\"inLanguage\":\"de\",\"potentialAction\":[{\"@type\":\"ReadAction\",\"target\":[\"https:\\\/\\\/martinluther.ca\\\/de\\\/kalendar\\\/\"]}]},{\"@type\":\"BreadcrumbList\",\"@id\":\"https:\\\/\\\/martinluther.ca\\\/de\\\/kalendar\\\/#breadcrumb\",\"itemListElement\":[{\"@type\":\"ListItem\",\"position\":1,\"name\":\"Home\",\"item\":\"https:\\\/\\\/martinluther.ca\\\/de\\\/\"},{\"@type\":\"ListItem\",\"position\":2,\"name\":\"Kalender\"}]},{\"@type\":\"WebSite\",\"@id\":\"https:\\\/\\\/martinluther.ca\\\/de\\\/#website\",\"url\":\"https:\\\/\\\/martinluther.ca\\\/de\\\/\",\"name\":\"Martin Luther Evangelical Church Toronto\",\"description\":\"Deutsch &amp; Englisch\",\"publisher\":{\"@id\":\"https:\\\/\\\/martinluther.ca\\\/de\\\/#organization\"},\"potentialAction\":[{\"@type\":\"SearchAction\",\"target\":{\"@type\":\"EntryPoint\",\"urlTemplate\":\"https:\\\/\\\/martinluther.ca\\\/de\\\/?s={search_term_string}\"},\"query-input\":{\"@type\":\"PropertyValueSpecification\",\"valueRequired\":true,\"valueName\":\"search_term_string\"}}],\"inLanguage\":\"de\"},{\"@type\":\"Organization\",\"@id\":\"https:\\\/\\\/martinluther.ca\\\/de\\\/#organization\",\"name\":\"Martin Luther Evangelical Church Toronto\",\"url\":\"https:\\\/\\\/martinluther.ca\\\/de\\\/\",\"logo\":{\"@type\":\"ImageObject\",\"inLanguage\":\"de\",\"@id\":\"https:\\\/\\\/martinluther.ca\\\/de\\\/#\\\/schema\\\/logo\\\/image\\\/\",\"url\":\"https:\\\/\\\/martinluther.ca\\\/wp-content\\\/uploads\\\/2016\\\/12\\\/ml-logo-300.png\",\"contentUrl\":\"https:\\\/\\\/martinluther.ca\\\/wp-content\\\/uploads\\\/2016\\\/12\\\/ml-logo-300.png\",\"width\":300,\"height\":150,\"caption\":\"Martin Luther Evangelical Church Toronto\"},\"image\":{\"@id\":\"https:\\\/\\\/martinluther.ca\\\/de\\\/#\\\/schema\\\/logo\\\/image\\\/\"},\"sameAs\":[\"https:\\\/\\\/www.facebook.com\\\/martinlutherchurchtoronto\",\"https:\\\/\\\/www.instagram.com\\\/lutheransbythelake\\\/\",\"https:\\\/\\\/www.youtube.com\\\/MartinLutherChurchToronto\"]}]}<\/script>\n<!-- \/ Yoast SEO plugin. -->","yoast_head_json":{"title":"Kalender - Martin Luther Evangelische Kirche Toronto","robots":{"index":"index","follow":"follow","max-snippet":"max-snippet:-1","max-image-preview":"max-image-preview:large","max-video-preview":"max-video-preview:-1"},"canonical":"https:\/\/martinluther.ca\/de\/kalendar\/","og_locale":"de_DE","og_type":"article","og_title":"Kalender - Martin Luther Evangelische Kirche Toronto","og_description":"Wenn Sie den vollen Kalender nicht sehen k\u00f6nnen, klicken Sie bitte hier, um die vollst\u00e4ndige Liste der anstehenden Ereignisse anzuzeigen","og_url":"https:\/\/martinluther.ca\/de\/kalendar\/","og_site_name":"Martin Luther Evangelische Kirche Toronto","article_publisher":"https:\/\/www.facebook.com\/martinlutherchurchtoronto","article_modified_time":"2024-02-05T21:02:54+00:00","twitter_card":"summary_large_image","twitter_misc":{"Gesch\u00e4tzte Lesezeit":"1\u00a0Minute"},"schema":{"@context":"https:\/\/schema.org","@graph":[{"@type":"WebPage","@id":"https:\/\/martinluther.ca\/de\/kalendar\/","url":"https:\/\/martinluther.ca\/de\/kalendar\/","name":"Kalender - Martin Luther Evangelische Kirche Toronto","isPartOf":{"@id":"https:\/\/martinluther.ca\/de\/#website"},"datePublished":"2014-08-20T01:00:03+00:00","dateModified":"2024-02-05T21:02:54+00:00","breadcrumb":{"@id":"https:\/\/martinluther.ca\/de\/kalendar\/#breadcrumb"},"inLanguage":"de","potentialAction":[{"@type":"ReadAction","target":["https:\/\/martinluther.ca\/de\/kalendar\/"]}]},{"@type":"BreadcrumbList","@id":"https:\/\/martinluther.ca\/de\/kalendar\/#breadcrumb","itemListElement":[{"@type":"ListItem","position":1,"name":"Home","item":"https:\/\/martinluther.ca\/de\/"},{"@type":"ListItem","position":2,"name":"Kalender"}]},{"@type":"WebSite","@id":"https:\/\/martinluther.ca\/de\/#website","url":"https:\/\/martinluther.ca\/de\/","name":"Martin Luther Evangelical Church Toronto","description":"Deutsch &amp; Englisch","publisher":{"@id":"https:\/\/martinluther.ca\/de\/#organization"},"potentialAction":[{"@type":"SearchAction","target":{"@type":"EntryPoint","urlTemplate":"https:\/\/martinluther.ca\/de\/?s={search_term_string}"},"query-input":{"@type":"PropertyValueSpecification","valueRequired":true,"valueName":"search_term_string"}}],"inLanguage":"de"},{"@type":"Organization","@id":"https:\/\/martinluther.ca\/de\/#organization","name":"Martin Luther Evangelical Church Toronto","url":"https:\/\/martinluther.ca\/de\/","logo":{"@type":"ImageObject","inLanguage":"de","@id":"https:\/\/martinluther.ca\/de\/#\/schema\/logo\/image\/","url":"https:\/\/martinluther.ca\/wp-content\/uploads\/2016\/12\/ml-logo-300.png","contentUrl":"https:\/\/martinluther.ca\/wp-content\/uploads\/2016\/12\/ml-logo-300.png","width":300,"height":150,"caption":"Martin Luther Evangelical Church Toronto"},"image":{"@id":"https:\/\/martinluther.ca\/de\/#\/schema\/logo\/image\/"},"sameAs":["https:\/\/www.facebook.com\/martinlutherchurchtoronto","https:\/\/www.instagram.com\/lutheransbythelake\/","https:\/\/www.youtube.com\/MartinLutherChurchToronto"]}]}},"_links":{"self":[{"href":"https:\/\/martinluther.ca\/de\/wp-json\/wp\/v2\/pages\/19142","targetHints":{"allow":["GET"]}}],"collection":[{"href":"https:\/\/martinluther.ca\/de\/wp-json\/wp\/v2\/pages"}],"about":[{"href":"https:\/\/martinluther.ca\/de\/wp-json\/wp\/v2\/types\/page"}],"author":[{"embeddable":true,"href":"https:\/\/martinluther.ca\/de\/wp-json\/wp\/v2\/users\/5"}],"replies":[{"embeddable":true,"href":"https:\/\/martinluther.ca\/de\/wp-json\/wp\/v2\/comments?post=19142"}],"version-history":[{"count":9,"href":"https:\/\/martinluther.ca\/de\/wp-json\/wp\/v2\/pages\/19142\/revisions"}],"predecessor-version":[{"id":48085,"href":"https:\/\/martinluther.ca\/de\/wp-json\/wp\/v2\/pages\/19142\/revisions\/48085"}],"wp:attachment":[{"href":"https:\/\/martinluther.ca\/de\/wp-json\/wp\/v2\/media?parent=19142"}],"curies":[{"name":"wp","href":"https:\/\/api.w.org\/{rel}","templated":true}]}}